{"id":11280,"date":"2020-04-24T13:56:20","date_gmt":"2020-04-24T12:56:20","guid":{"rendered":"http:\/\/www.arbaletriers.be\/wordpress\/?page_id=11280"},"modified":"2025-04-30T12:33:34","modified_gmt":"2025-04-30T11:33:34","slug":"chants","status":"publish","type":"page","link":"https:\/\/www.arbaletriers.be\/wordpress\/chants\/","title":{"rendered":"Les Chants"},"content":{"rendered":"<div id=\"themify_builder_content-11280\" data-postid=\"11280\" class=\"themify_builder_content themify_builder_content-11280 themify_builder themify_builder_front\">\n\t\t\t\t\n\t\t\t<!-- module_row -->\n\t\t\t<div class=\"themify_builder_row module_row module_row_0 clearfix\" >\n\n\t\t\t\t<div class=\"row_inner\">\n\n\t\t\t\t\t\n\t\t\t\t\t\n\t\t\t\t\t\n\t\t\t\t\t\n\t\t\t\t\t\t\t\t<div class=\"col4-1 first tb-column\">\n\t\t\t\t\t\t\t\t\t\t\t\t\t\t\t\t\t\t\t\n\t\t\t\t\t\t\t\t\t\t\n<!-- module box -->\n<div id=\"box-11280-0-0-0\" class=\"module module-box box-11280-0-0-0 \">\n\t\t<h3 class=\"module-title\">Amis en ce jour d\u2019all\u00e9gresse<\/h3>\n\t\t\n\t\t\n\t<div class=\"module-box-content ui rounded gradient default  \">\n\t\t<p><a href=\"\/wordpress\/compagnie-chant-ami-en-ce-jour-d-allegresse\/\"><img decoding=\"async\" class=\"\" src=\"\/wordpress\/wp-content\/uploads\/2020\/04\/aou%CC%82t-2016-0100.jpg.p.jpg\" alt=\"\" height=\"126\" \/><\/a><\/p>\n\t<\/div>\n\n\t<\/div>\n<!-- \/module box -->\n\t\t\t\t\t\t\t\t\t\n\t\t\t\t\t\t\t\t\t\t\t\t\t\t\t\t\t<\/div>\n\t\t\t\t\t\t\t\t<!-- \/col -->\n\t\t\t\t\t\t\n\t\t\t\t\t\t\t\t<div class=\"col4-1 second tb-column\">\n\t\t\t\t\t\t\t\t\t\t\t\t\t\t\t\t\t\t\t\n\t\t\t\t\t\t\t\t\t\t\n<!-- module box -->\n<div id=\"box-11280-0-1-0\" class=\"module module-box box-11280-0-1-0 \">\n\t\t<h3 class=\"module-title\">Hymne \u00e0 la Compagnie Royale des arbal\u00e9triers Vis\u00e9tois<\/h3>\n\t\t\n\t\t\n\t<div class=\"module-box-content ui rounded gradient default  \">\n\t\t<p><a href=\"\/wordpress\/compagnie-chant-hymne-a-la-compagnie-royale\/\"><img decoding=\"async\" class=\"\" src=\"\/wordpress\/wp-content\/uploads\/2015\/02\/avril-2014-155.jpg\" alt=\"\" height=\"126\" \/><\/a><\/p>\n\t<\/div>\n\n\t<\/div>\n<!-- \/module box -->\n\t\t\t\t\t\t\t\t\t\n\t\t\t\t\t\t\t\t\t\t\t\t\t\t\t\t\t<\/div>\n\t\t\t\t\t\t\t\t<!-- \/col -->\n\t\t\t\t\t\t\n\t\t\t\t\t\t\t\t<div class=\"col4-1 third tb-column\">\n\t\t\t\t\t\t\t\t\t\t\t\t\t\t\t\t\t\t\t\n\t\t\t\t\t\t\t\t\t\t\n<!-- module box -->\n<div id=\"box-11280-0-2-0\" class=\"module module-box box-11280-0-2-0 \">\n\t\t<h3 class=\"module-title\">Hymne \u00e0 la Cornette<\/h3>\n\t\t\n\t\t\n\t<div class=\"module-box-content ui rounded gradient default  \">\n\t\t<p><a href=\"http:\/\/www.arbaletriers.be\/wordpress\/compagnie-chant-hymne-a-la-cornette\/\"><img decoding=\"async\" class=\"\" src=\"http:\/\/www.arbaletriers.be\/wordpress\/wp-content\/uploads\/2015\/02\/tableau.jpg\" alt=\"\" height=\"126\" \/><\/a><\/p>\n\t<\/div>\n\n\t<\/div>\n<!-- \/module box -->\n\t\t\t\t\t\t\t\t\t\n\t\t\t\t\t\t\t\t\t\t\t\t\t\t\t\t\t<\/div>\n\t\t\t\t\t\t\t\t<!-- \/col -->\n\t\t\t\t\t\t\n\t\t\t\t\t\t\t\t<div class=\"col4-1 last tb-column\">\n\t\t\t\t\t\t\t\t\t\t\t\t\t\t\t\t\t\t\t\n\t\t\t\t\t\t\t\t\t\t\n<!-- module box -->\n<div id=\"box-11280-0-3-0\" class=\"module module-box box-11280-0-3-0 \">\n\t\t<h3 class=\"module-title\"> La marche des Jeunes Bleus<\/h3>\n\t\t\n\t\t\n\t<div class=\"module-box-content ui rounded gradient default  \">\n\t\t<p><a href=\"\/wordpress\/compagnie-chant-la-marche-des-jeunes-bleus\/\"><img decoding=\"async\" class=\"\" src=\"\/wordpress\/wp-content\/uploads\/2017\/02\/jb1.jpg\" alt=\"Le Conseil du Mus\u00e9e\" height=\"146\" \/><\/a><\/p>\n\t<\/div>\n\n\t<\/div>\n<!-- \/module box -->\n\t\t\t\t\t\t\t\t\t\n\t\t\t\t\t\t\t\t\t\t\t\t\t\t\t\t\t<\/div>\n\t\t\t\t\t\t\t\t<!-- \/col -->\n\t\t\t\t\t\t  \n\n\t\t\t\t\t\n\t\t\t\t\t\t\t\t\t\t\n\t\t\t\t\t\t\t\t\t\n\t\t\t\t<\/div>\n\t\t\t\t<!-- \/row_inner -->\n\t\t\t<\/div>\n\t\t\t<!-- \/module_row -->\n\t\t\t\n\t\t\t\n\t\t\t<!-- module_row -->\n\t\t\t<div class=\"themify_builder_row module_row module_row_1 clearfix\" >\n\n\t\t\t\t<div class=\"row_inner\">\n\n\t\t\t\t\t\n\t\t\t\t\t\n\t\t\t\t\t\n\t\t\t\t\t\n\t\t\t\t\t\t\t\t<div class=\"col4-1 first tb-column\">\n\t\t\t\t\t\t\t\t\t\t\t\t\t\t\t\t\t\t\t\n\t\t\t\t\t\t\t\t\t\t\n<!-- module box -->\n<div id=\"box-11280-1-0-0\" class=\"module module-box box-11280-1-0-0 \">\n\t\t<h3 class=\"module-title\">Fiers Arbal\u00e9triers<\/h3>\n\t\t\n\t\t\n\t<div class=\"module-box-content ui rounded gradient default  \">\n\t\t<p><a href=\"https:\/\/www.arbaletriers.be\/wordpress\/compagnie-chant-fiers-arbaletriers\/\"><img decoding=\"async\" class=\"\" src=\"https:\/\/www.arbaletriers.be\/wordpress\/wp-content\/uploads\/2014\/10\/bataille2.jpg\" alt=\"\" height=\"126\" \/><\/a><\/p>\t<\/div>\n\n\t<\/div>\n<!-- \/module box -->\n\t\t\t\t\t\t\t\t\t\n\t\t\t\t\t\t\t\t\t\t\t\t\t\t\t\t\t<\/div>\n\t\t\t\t\t\t\t\t<!-- \/col -->\n\t\t\t\t\t\t\n\t\t\t\t\t\t\t\t<div class=\"col4-1 second tb-column\">\n\t\t\t\t\t\t\t\t\t\t\t\t\t\t\t\t\t\t\t\n\t\t\t\t\t\t\t\t\t\t\n<!-- module box -->\n<div id=\"box-11280-1-1-0\" class=\"module module-box box-11280-1-1-0 \">\n\t\t<h3 class=\"module-title\">Le jus de la treille<\/h3>\n\t\t\n\t\t\n\t<div class=\"module-box-content ui rounded gradient default  \">\n\t\t<p><a href=\"http:\/\/www.arbaletriers.be\/wordpress\/compagnie-chant-le-jus-de-la-treille\/\"><img decoding=\"async\" class=\"\" src=\"http:\/\/www.arbaletriers.be\/wordpress\/wp-content\/uploads\/2017\/02\/tchotcho.png\" alt=\"\" height=\"126\" \/><\/a><\/p>\n\t<\/div>\n\n\t<\/div>\n<!-- \/module box -->\n\t\t\t\t\t\t\t\t\t\n\t\t\t\t\t\t\t\t\t\t\t\t\t\t\t\t\t<\/div>\n\t\t\t\t\t\t\t\t<!-- \/col -->\n\t\t\t\t\t\t\n\t\t\t\t\t\t\t\t<div class=\"col4-1 third tb-column\">\n\t\t\t\t\t\t\t\t\t\t\t\t\t\t\t\t\t\t\t\n\t\t\t\t\t\t\t\t\t\t\n<!-- module box -->\n<div id=\"box-11280-1-2-0\" class=\"module module-box box-11280-1-2-0 \">\n\t\t<h3 class=\"module-title\">Salut au Drapeau Royal<\/h3>\n\t\t\n\t\t\n\t<div class=\"module-box-content ui rounded gradient default  \">\n\t\t<p><a href=\"\/wordpress\/compagnie-chant-salut-au-drapeau-royal\/\"><img decoding=\"async\" class=\"\" src=\"\/wordpress\/wp-content\/uploads\/2016\/03\/drapeaubelge.jpg\" alt=\"Le Corps des albastries\" height=\"126\" \/><\/a><\/p>\n\t<\/div>\n\n\t<\/div>\n<!-- \/module box -->\n\t\t\t\t\t\t\t\t\t\n\t\t\t\t\t\t\t\t\t\t\t\t\t\t\t\t\t<\/div>\n\t\t\t\t\t\t\t\t<!-- \/col -->\n\t\t\t\t\t\t\n\t\t\t\t\t\t\t\t<div class=\"col4-1 last tb-column\">\n\t\t\t\t\t\t\t\t\t\t\t\t\t\t\t\t\t\t\t\n\t\t\t\t\t\t\t\t\t\t&nbsp;\t\t\t\t\t\t\t\t\t\n\t\t\t\t\t\t\t\t\t\t\t\t\t\t\t\t\t<\/div>\n\t\t\t\t\t\t\t\t<!-- \/col -->\n\t\t\t\t\t\t  \n\n\t\t\t\t\t\n\t\t\t\t\t\t\t\t\t\t\n\t\t\t\t\t\t\t\t\t\n\t\t\t\t<\/div>\n\t\t\t\t<!-- \/row_inner -->\n\t\t\t<\/div>\n\t\t\t<!-- \/module_row -->\n\t\t\t\n<\/div>\n<!-- \/themify_builder_content -->","protected":false},"excerpt":{"rendered":"<p>Amis en ce jour d\u2019all\u00e9gresse Hymne \u00e0 la Compagnie Royale des arbal\u00e9triers Vis\u00e9tois Hymne \u00e0 la Cornette La marche des Jeunes Bleus Fiers Arbal\u00e9triers Le jus de la treille Salut au Drapeau Royal &nbsp;<\/p>\n","protected":false},"author":1,"featured_media":0,"parent":0,"menu_order":0,"comment_status":"closed","ping_status":"closed","template":"","meta":{"footnotes":""},"class_list":["post-11280","page","type-page","status-publish","hentry"],"_links":{"self":[{"href":"https:\/\/www.arbaletriers.be\/wordpress\/wp-json\/wp\/v2\/pages\/11280"}],"collection":[{"href":"https:\/\/www.arbaletriers.be\/wordpress\/wp-json\/wp\/v2\/pages"}],"about":[{"href":"https:\/\/www.arbaletriers.be\/wordpress\/wp-json\/wp\/v2\/types\/page"}],"author":[{"embeddable":true,"href":"https:\/\/www.arbaletriers.be\/wordpress\/wp-json\/wp\/v2\/users\/1"}],"replies":[{"embeddable":true,"href":"https:\/\/www.arbaletriers.be\/wordpress\/wp-json\/wp\/v2\/comments?post=11280"}],"version-history":[{"count":1,"href":"https:\/\/www.arbaletriers.be\/wordpress\/wp-json\/wp\/v2\/pages\/11280\/revisions"}],"predecessor-version":[{"id":11282,"href":"https:\/\/www.arbaletriers.be\/wordpress\/wp-json\/wp\/v2\/pages\/11280\/revisions\/11282"}],"wp:attachment":[{"href":"https:\/\/www.arbaletriers.be\/wordpress\/wp-json\/wp\/v2\/media?parent=11280"}],"curies":[{"name":"wp","href":"https:\/\/api.w.org\/{rel}","templated":true}]}}