{"id":2640,"date":"2015-02-14T13:14:45","date_gmt":"2015-02-14T12:14:45","guid":{"rendered":"http:\/\/www.arbaletriers.be\/wordpress\/?page_id=2640"},"modified":"2024-02-20T09:28:38","modified_gmt":"2024-02-20T08:28:38","slug":"histoire-20eme","status":"publish","type":"page","link":"https:\/\/www.arbaletriers.be\/wordpress\/histoire-20eme\/","title":{"rendered":"Histoire 20\u00e8me si\u00e8cle"},"content":{"rendered":"<div id=\"themify_builder_content-2640\" data-postid=\"2640\" class=\"themify_builder_content themify_builder_content-2640 themify_builder themify_builder_front\">\n\t\t\t\t\n\t\t\t<!-- module_row -->\n\t\t\t<div class=\"themify_builder_row module_row module_row_0 clearfix\" >\n\n\t\t\t\t<div class=\"row_inner\">\n\n\t\t\t\t\t\n\t\t\t\t\t\n\t\t\t\t\t\n\t\t\t\t\t\n\t\t\t\t\t\t\t\t<div class=\"col-full first tb-column\">\n\t\t\t\t\t\t\t\t\t\t\t\t\t\t\t\t\t\t\t\n\t\t\t\t\t\t\t\t\t\t\n<!-- module box -->\n<div id=\"box-2640-0-0-0\" class=\"module module-box box-2640-0-0-0 \">\n\t\t\n\t\t\n\t<div class=\"module-box-content ui rounded gradient default  \">\n\t\t<p><strong>En 1902<\/strong>, les Arbal\u00e9triers particip\u00e8rent \u00e0 la joyeuse entr\u00e9e \u00e0 Li\u00e8ge d&rsquo;Albert et Elisabeth. En sa qualit\u00e9 de pr\u00e9sident d&rsquo;honneur, le Prince apposa sa signature sur un parchemin.<\/p>\n<p><strong>Le 20 juillet 1905<\/strong>, eut lieu \u00e0 Bruxelles un grand concours de drapeaux, joyaux et tr\u00e9sors des gildes. Les Vis\u00e9tois se class\u00e8rent premiers de Wallonie et seconds de Belgique.<\/p>\n<p><img decoding=\"async\" class=\"aligncenter\" src=\"\/wordpress\/wp-content\/uploads\/2016\/03\/75independance.jpg\" alt=\"Assiette comm\u00e9morative 1960\" align=\"center\" border=\"0\" hspace=\"30\" vspace=\"15\" \/><\/p>\n\t<\/div>\n\n\t<\/div>\n<!-- \/module box -->\n<!-- .themify_builder .box-2640-0-0-0 Style -->\n<style>\n.themify_builder .box-2640-0-0-0.module-box {\n\ttext-align: justify\n}\n<\/style>\n<!-- End .themify_builder .box-2640-0-0-0 Style -->\n\n\t\t\t\t\t\t\t\t\t\n\t\t\t\t\t\t\t\t\t\t\t\t\t\t\t\t\t<\/div>\n\t\t\t\t\t\t\t\t<!-- \/col -->\n\t\t\t\t\t\t  \n\n\t\t\t\t\t\n\t\t\t\t\t\t\t\t\t\t\n\t\t\t\t\t\t\t\t\t\n\t\t\t\t<\/div>\n\t\t\t\t<!-- \/row_inner -->\n\t\t\t<\/div>\n\t\t\t<!-- \/module_row -->\n\t\t\t\n\t\t\t\n\t\t\t<!-- module_row -->\n\t\t\t<div class=\"themify_builder_row module_row module_row_1 clearfix\" >\n\n\t\t\t\t<div class=\"row_inner\">\n\n\t\t\t\t\t\n\t\t\t\t\t\n\t\t\t\t\t\n\t\t\t\t\t\n\t\t\t\t\t\t\t\t<div class=\"col-full first tb-column\">\n\t\t\t\t\t\t\t\t\t\t\t\t\t\t\t\t\t\t\t\n\t\t\t\t\t\t\t\t\t\t\n<!-- module box -->\n<div id=\"box-2640-1-0-0\" class=\"module module-box box-2640-1-0-0 \">\n\t\t\n\t\t\n\t<div class=\"module-box-content ui rounded gradient default  \">\n\t\t<p><strong>1910. Sixi\u00e8me centenaire<\/strong><\/p>\n<p><img decoding=\"async\" class=\"aligncenter\" src=\"\/wordpress\/wp-content\/uploads\/2016\/03\/600eme.jpg\" alt=\"Assiette comm\u00e9morative 1960\" align=\"center\" border=\"0\" hspace=\"30\" vspace=\"15\" \/><\/p>\n<ul>\n<li style=\"list-style-type: none;\">\n<ul>\n<li>Edition d\u2019une premi\u00e8re \u00ab Notice Historique &#038; Programme des F\u00eates \u00bb par le notaire V. Horion.<\/li>\n<li>Au mois de juillet, les Arbal\u00e9triers \u00ab sortent \u00bb un nouveau livre d\u2019or.<br \/>\nVoici la description dithyrambique qu\u2019en \u00e9crivit un journal li\u00e9geois : Le petit populaire : <em>\u00ab Nous avons vu des livres d\u2019or d\u2019une banalit\u00e9 d\u00e9sesp\u00e9rante, mais \u00e0 c\u00f4t\u00e9 de cela il en est qui sont v\u00e9ritablement des tr\u00e9sors artistiques. C\u2019est le cas pour le livre d\u2019or que la CRAAV a ouvert (\u2026) C\u2019est une vraie merveille et la vieille gilde peut se montrer fi\u00e8re de poss\u00e9der un tel joyau dans sa collection d\u00e9j\u00e0 si bien fournie. Ce sera la perle de ses archives \u2026.) on sent que les artistes ont \u00e9t\u00e9 anim\u00e9s du souffle divin de l\u2019inspiration, qu\u2019ils ont fait leur \u0153uvre avec amour, ans pr\u00e9occupation du gain, avec le seul soucis de cr\u00e9er du beau, et du durable\u2026 \u00bb<\/em><\/li>\n<\/ul>\n<\/li>\n<\/ul>\n<p><img decoding=\"async\" class=\"aligncenter\" src=\"\/wordpress\/wp-content\/uploads\/2016\/03\/livreorcouverture.jpg\" alt=\"livre Or\" align=\"center\" border=\"0\" hspace=\"30\" vspace=\"15\" \/><\/p>\n<ul>\n<li>En ao\u00fbt 1910, des festivit\u00e9s grandioses comm\u00e9mor\u00e8rent le six centi\u00e8me anniversaire de la<br \/>\nfondation de la gilde. Cent vingt-quatre soci\u00e9t\u00e9s, particip\u00e8rent aux manifestations organis\u00e9es \u00e0<br \/>\ncette occasion.<\/li>\n<li>Des trains sp\u00e9ciaux \u00e9taient venus de Li\u00e8ge &#038; de Maestricht et selon certains journaux, 15.000<br \/>\npersonnes ont parcouru les rues de vis\u00e9 ce jour-l\u00e0.<\/li>\n<li>De nombreux concours furent organis\u00e9s tels que les joyaux ; Banni\u00e8res &#038; drapeaux ; Fanions &#038;<br \/>\ncartels ; Ensembles &#038; costumes ; Trompettes, clairons, fifres &#038; tambours ; Harmonies ;<br \/>\nSoci\u00e9t\u00e9 la plus \u00e9loign\u00e9e ; Soci\u00e9t\u00e9 la plus nombreuse.<br \/>\nL\u2019apr\u00e8s-midi c\u2019\u00e9tait le grand concours de tir \u00e0 l\u2019arbal\u00e8te, suivi d\u2019une grande f\u00eate v\u00e9nitienne sur la<br \/>\nMeuse et pour cl\u00f4turer en apoth\u00e9ose : un magnifique feu d\u2019artifices..<\/li>\n<\/ul>\n<p>Les manifestations marquant le 600\u00e8me anniversaire de la Compagnie ont rencontr\u00e9 un<br \/>\nSucc\u00e8s ind\u00e9niable, en d\u00e9pit d&rsquo;un contexte local relativement peu favorable. Pour la<br \/>\npremi\u00e8re fois, les Arbal\u00e9triers souhaitaient, lors d&rsquo;une f\u00eate jubilaire, c\u00e9l\u00e9brer \u00e0 la<br \/>\nfois leur anciennet\u00e9 et la p\u00e9rennit\u00e9 de la Soci\u00e9t\u00e9. Ils y ont r\u00e9ussi pleinement.<\/p>\n<p><img decoding=\"async\" class=\"aligncenter\" src=\"\/wordpress\/wp-content\/uploads\/2016\/03\/livreorpage.jpg\" alt=\"livre Or\" align=\"center\" border=\"0\" hspace=\"30\" vspace=\"15\" \/><\/p>\n<hr \/>\n<p><em>Extraits du Livre d&rsquo;Or &#8211; La couverture<\/em><br \/>\n<em>Extraits du Livre d&rsquo;Or &#8211; Une page int\u00e9rieure<\/em><\/p>\n\t<\/div>\n\n\t<\/div>\n<!-- \/module box -->\n<!-- .themify_builder .box-2640-1-0-0 Style -->\n<style>\n.themify_builder .box-2640-1-0-0.module-box {\n\ttext-align: justify\n}\n<\/style>\n<!-- End .themify_builder .box-2640-1-0-0 Style -->\n\n\t\t\t\t\t\t\t\t\t\n\t\t\t\t\t\t\t\t\t\t\t\t\t\t\t\t\t<\/div>\n\t\t\t\t\t\t\t\t<!-- \/col -->\n\t\t\t\t\t\t  \n\n\t\t\t\t\t\n\t\t\t\t\t\t\t\t\t\t\n\t\t\t\t\t\t\t\t\t\n\t\t\t\t<\/div>\n\t\t\t\t<!-- \/row_inner -->\n\t\t\t<\/div>\n\t\t\t<!-- \/module_row -->\n\t\t\t\n\t\t\t\n\t\t\t<!-- module_row -->\n\t\t\t<div class=\"themify_builder_row module_row module_row_2 clearfix\" >\n\n\t\t\t\t<div class=\"row_inner\">\n\n\t\t\t\t\t\n\t\t\t\t\t\n\t\t\t\t\t\n\t\t\t\t\t\n\t\t\t\t\t\t\t\t<div class=\"col-full first tb-column\">\n\t\t\t\t\t\t\t\t\t\t\t\t\t\t\t\t\t\t\t\n\t\t\t\t\t\t\t\t\t\t\n<!-- module box -->\n<div id=\"box-2640-2-0-0\" class=\"module module-box box-2640-2-0-0 \">\n\t\t\n\t\t\n\t<div class=\"module-box-content ui rounded gradient default  \">\n\t\t<p><strong>1913.<\/strong><\/p>\n<p><img decoding=\"async\" class=\"aligncenter\" src=\"\/wordpress\/wp-content\/uploads\/2016\/03\/malines.jpg\" alt=\"livre Or\" align=\"center\" border=\"0\" hspace=\"30\" vspace=\"15\" \/><\/p>\n<hr \/>\n<p><em>Sortie \u00e0 Malines.<\/em><\/p>\n<p><strong>1914.<\/strong><\/p>\n<p>Les 15 &#038; 16 ao\u00fbt, la ville est carr\u00e9ment mise \u00e0 sac et incendi\u00e9e. Pr\u00e8s de 600 Vis\u00e9tois sont emmen\u00e9s comme prisonniers dans les camps de basse-Saxe.<br \/>\nGr\u00e2ce \u00e0 la clairvoyance &#038; \u00e0 l\u2019h\u00e9ro\u00efsme de quelques membres, les archives, le collier du Roy, le livre d\u2019or, la statue de Saint-Georges et les principales pi\u00e8ces du mus\u00e9e sont sauv\u00e9s.<br \/>\nCertaines pi\u00e8ces sont cach\u00e9es, d\u2019autres sont achemin\u00e9es en Hollande.<br \/>\nMalheureusement la cornette et les drapeaux sont d\u00e9truits lors de l\u2019incendie.<br \/>\nPlusieurs arbal\u00e9triers connurent une fin tragique cette ann\u00e9e-l\u00e0.<\/p>\n<p><img decoding=\"async\" class=\"aligncenter\" src=\"\/wordpress\/wp-content\/uploads\/2016\/03\/livreor1914.jpg\" alt=\"livre Or\" align=\"center\" border=\"0\" hspace=\"30\" vspace=\"15\" \/><br \/>\n<img decoding=\"async\" class=\"aligncenter\" src=\"\/wordpress\/wp-content\/uploads\/2016\/03\/livreor19143.jpg\" alt=\"livre Or\" align=\"center\" border=\"0\" hspace=\"30\" vspace=\"15\" \/><\/p>\n<hr \/>\n<p><em>Extraits du livre d\u2019or.<\/em><\/p>\n\t<\/div>\n\n\t<\/div>\n<!-- \/module box -->\n<!-- .themify_builder .box-2640-2-0-0 Style -->\n<style>\n.themify_builder .box-2640-2-0-0.module-box {\n\ttext-align: justify\n}\n<\/style>\n<!-- End .themify_builder .box-2640-2-0-0 Style -->\n\n\t\t\t\t\t\t\t\t\t\n\t\t\t\t\t\t\t\t\t\t\t\t\t\t\t\t\t<\/div>\n\t\t\t\t\t\t\t\t<!-- \/col -->\n\t\t\t\t\t\t  \n\n\t\t\t\t\t\n\t\t\t\t\t\t\t\t\t\t\n\t\t\t\t\t\t\t\t\t\n\t\t\t\t<\/div>\n\t\t\t\t<!-- \/row_inner -->\n\t\t\t<\/div>\n\t\t\t<!-- \/module_row -->\n\t\t\t\n\t\t\t\n\t\t\t<!-- module_row -->\n\t\t\t<div class=\"themify_builder_row module_row module_row_3 clearfix\" >\n\n\t\t\t\t<div class=\"row_inner\">\n\n\t\t\t\t\t\n\t\t\t\t\t\n\t\t\t\t\t\n\t\t\t\t\t\n\t\t\t\t\t\t\t\t<div class=\"col-full first tb-column\">\n\t\t\t\t\t\t\t\t\t\t\t\t\t\t\t\t\t\t\t\n\t\t\t\t\t\t\t\t\t\t\n<!-- module box -->\n<div id=\"box-2640-3-0-0\" class=\"module module-box box-2640-3-0-0 \">\n\t\t\n\t\t\n\t<div class=\"module-box-content ui rounded gradient default  \">\n\t\t<p><strong>1920.<\/strong><br \/>\nLa Compagnie c\u00e9l\u00e8bre la Saint -Georges et assiste \u00e0 la messe en corps &#038; en costume.<\/p>\n<p><strong>1922.<\/strong><br \/>\nCr\u00e9ation de la soci\u00e9t\u00e9 coop\u00e9rative \u00ab Les anciens arbal\u00e9triers vis\u00e9tois \u00bb<br \/>\nConstruction d\u2019un local propre \u00e0 la Compagnie.<br \/>\nL\u2019ouverture de la salle, le 14 mai est une r\u00e9ussite, le nombre d\u2019officiers en grande tenue est consid\u00e9rablement augment\u00e9.<\/p>\n<p><strong>1925.<\/strong>.<br \/>\nArthur Delgoffe est nomm\u00e9 membre d\u2019honneur en remerciement pour sa participation \u00e0 la r\u00e9alisation du livre d\u2019or de 1910.<\/p>\n<p><img decoding=\"async\" class=\"aligncenter\" src=\"\/wordpress\/wp-content\/uploads\/2016\/03\/tableau-1925.jpg\" alt=\"tableau\" align=\"center\" border=\"0\" hspace=\"30\" vspace=\"15\" \/><\/p>\n<p><strong>1928.<\/strong><br \/>\nUn comit\u00e9 de patronage prestigieux est constitu\u00e9. Il comprend 20 membres dont le prince Henri de France qui rend visite aux arbal\u00e9triers de Vis\u00e9.<br \/>\n<img decoding=\"async\" class=\"aligncenter\" src=\"\/wordpress\/wp-content\/uploads\/2016\/03\/Henridefrance.jpg\" alt=\"Assiette comm\u00e9morative 1960\" align=\"center\" border=\"0\" hspace=\"30\" vspace=\"15\" \/><\/p>\n\t<\/div>\n\n\t<\/div>\n<!-- \/module box -->\n<!-- .themify_builder .box-2640-3-0-0 Style -->\n<style>\n.themify_builder .box-2640-3-0-0.module-box {\n\ttext-align: justify\n}\n<\/style>\n<!-- End .themify_builder .box-2640-3-0-0 Style -->\n\n\t\t\t\t\t\t\t\t\t\n\t\t\t\t\t\t\t\t\t\t\t\t\t\t\t\t\t<\/div>\n\t\t\t\t\t\t\t\t<!-- \/col -->\n\t\t\t\t\t\t  \n\n\t\t\t\t\t\n\t\t\t\t\t\t\t\t\t\t\n\t\t\t\t\t\t\t\t\t\n\t\t\t\t<\/div>\n\t\t\t\t<!-- \/row_inner -->\n\t\t\t<\/div>\n\t\t\t<!-- \/module_row -->\n\t\t\t\n\t\t\t\n\t\t\t<!-- module_row -->\n\t\t\t<div class=\"themify_builder_row module_row module_row_4 clearfix\" >\n\n\t\t\t\t<div class=\"row_inner\">\n\n\t\t\t\t\t\n\t\t\t\t\t\n\t\t\t\t\t\n\t\t\t\t\t\n\t\t\t\t\t\t\t\t<div class=\"col-full first tb-column\">\n\t\t\t\t\t\t\t\t\t\t\t\t\t\t\t\t\t\t\t\n\t\t\t\t\t\t\t\t\t\t\n<!-- module box -->\n<div id=\"box-2640-4-0-0\" class=\"module module-box box-2640-4-0-0 \">\n\t\t\n\t\t\n\t<div class=\"module-box-content ui rounded gradient default  \">\n\t\t<p><img decoding=\"async\" class=\"alignright\" src=\"\/wordpress\/wp-content\/uploads\/2016\/03\/masse.jpg\" alt=\"Masse\" align=\"center\" border=\"0\" hspace=\"30\" vspace=\"15\" \/><strong>1930.<\/strong><br \/>\nCr\u00e9ation de la masse, \u0153uvre de l\u2019antiquaire Alexandre Dethier.<\/p>\n<p><strong>1932.<\/strong><br \/>\nConstitution de l\u2019A.S.B.L. Anciens Arbal\u00e9triers Vis\u00e9tois qui selon les paroles du colonel en chef Fran\u00e7ois Perot, son promoteur, <em>\u00ab nous permettra de poss\u00e9der l\u00e9galement notre avoir, nos tr\u00e9sors, joyaux, collections, drapeaux etc\u2026en m\u00eame temps que de participer \u00e0 la coop\u00e9rative de la soci\u00e9t\u00e9 du m\u00eame nom. \u00bb<\/em><\/p>\n<p><strong>1936.<\/strong><br \/>\nUne d\u00e9l\u00e9gation de 23 membres de la \u00ab Gilde Souveraine de Saint-Georges \u00bb de Gand participe \u00e0 notre F\u00eate-Dieu.<\/p>\n<p><strong>1938.<\/strong><\/p>\n<ul>\n<li>Cr\u00e9ation de la F\u00e9d\u00e9ration nationale des arbal\u00e9triers de Belgique. La gilde vis\u00e9toise fait partie des<br \/>\nmembres fondateurs.<\/li>\n<li>Festivit\u00e9s jubilaires de la translation des reliques de Saint Hadelin \u00e0 Vis\u00e9 (600 ans).<br \/>\nUne belle d\u00e9l\u00e9gation de la Compagnie ouvre le cort\u00e8ge.<\/li>\n<\/ul>\n<p><strong>1939.<\/strong><br \/>\nLe 23 avril, on f\u00eate la St-Georges. Ce sera la derni\u00e8re manifestation avant la 2\u00e8me guerre mondiale.<\/p>\n\t<\/div>\n\n\t<\/div>\n<!-- \/module box -->\n<!-- .themify_builder .box-2640-4-0-0 Style -->\n<style>\n.themify_builder .box-2640-4-0-0.module-box {\n\ttext-align: justify\n}\n<\/style>\n<!-- End .themify_builder .box-2640-4-0-0 Style -->\n\n\t\t\t\t\t\t\t\t\t\n\t\t\t\t\t\t\t\t\t\t\t\t\t\t\t\t\t<\/div>\n\t\t\t\t\t\t\t\t<!-- \/col -->\n\t\t\t\t\t\t  \n\n\t\t\t\t\t\n\t\t\t\t\t\t\t\t\t\t\n\t\t\t\t\t\t\t\t\t\n\t\t\t\t<\/div>\n\t\t\t\t<!-- \/row_inner -->\n\t\t\t<\/div>\n\t\t\t<!-- \/module_row -->\n\t\t\t\n\t\t\t\n\t\t\t<!-- module_row -->\n\t\t\t<div class=\"themify_builder_row module_row module_row_5 clearfix\" >\n\n\t\t\t\t<div class=\"row_inner\">\n\n\t\t\t\t\t\n\t\t\t\t\t\n\t\t\t\t\t\n\t\t\t\t\t\n\t\t\t\t\t\t\t\t<div class=\"col-full first tb-column\">\n\t\t\t\t\t\t\t\t\t\t\t\t\t\t\t\t\t\t\t\n\t\t\t\t\t\t\t\t\t\t\n<!-- module box -->\n<div id=\"box-2640-5-0-0\" class=\"module module-box box-2640-5-0-0 \">\n\t\t\n\t\t\n\t<div class=\"module-box-content ui rounded gradient default  \">\n\t\t<p><strong>1945.<\/strong><br \/>\nLes activit\u00e9s reprennent en juillet.<\/p>\n<p><strong>1946.<\/strong><br \/>\nVrai re-d\u00e9marrage de la gilde. Cort\u00e8ge impressionnant, ouvert par un corps de 16 tambourinaires compl\u00e8tement r\u00e9-\u00e9quip\u00e9s : tout est neuf et de bon go\u00fbt, m\u00eame les caisses et les colbacks en poil d\u2019ours.<br \/>\n<img decoding=\"async\" class=\"aligncenter\" src=\"\/wordpress\/wp-content\/uploads\/2016\/03\/1946-16-tambours.jpg\" alt=\"tambour\" \/><\/p>\n<p><strong>1948.<\/strong><br \/>\nCr\u00e9ation d\u2019un Conseil g\u00e9n\u00e9ral pour faire participer les plus jeunes aux activit\u00e9s et \u00e0 la prise de d\u00e9cision. Le but est de resserrer les liens entre les membres des diff\u00e9rentes sections.<\/p>\n<p><strong>1949.<\/strong><br \/>\nA l\u2019occasion des 50 ans de leur section,les Jeunes Bleus offrent un somptueux drapeau repr\u00e9sentant : \u00ab Un arbal\u00e9trier du XIV\u00e8me si\u00e8cle, clamant la victoire sur les remparts de notre bonne ville, en brandissant son arme vers le ciel &#038; en appelant le bon peuple aux joies &#038; r\u00e9jouissances<br \/>\n<img decoding=\"async\" class=\"aligncenter\" src=\"http:\/\/www.arbaletriers.be\/wordpress\/wp-content\/uploads\/2016\/03\/drapeauarbaletrier.jpg\" alt=\"drapeau\" \/><\/p>\n\t<\/div>\n\n\t<\/div>\n<!-- \/module box -->\n<!-- .themify_builder .box-2640-5-0-0 Style -->\n<style>\n.themify_builder .box-2640-5-0-0.module-box {\n\ttext-align: justify\n}\n<\/style>\n<!-- End .themify_builder .box-2640-5-0-0 Style -->\n\n\t\t\t\t\t\t\t\t\t\n\t\t\t\t\t\t\t\t\t\t\t\t\t\t\t\t\t<\/div>\n\t\t\t\t\t\t\t\t<!-- \/col -->\n\t\t\t\t\t\t  \n\n\t\t\t\t\t\n\t\t\t\t\t\t\t\t\t\t\n\t\t\t\t\t\t\t\t\t\n\t\t\t\t<\/div>\n\t\t\t\t<!-- \/row_inner -->\n\t\t\t<\/div>\n\t\t\t<!-- \/module_row -->\n\t\t\t\n\t\t\t\n\t\t\t<!-- module_row -->\n\t\t\t<div class=\"themify_builder_row module_row module_row_6 clearfix\" >\n\n\t\t\t\t<div class=\"row_inner\">\n\n\t\t\t\t\t\n\t\t\t\t\t\n\t\t\t\t\t\n\t\t\t\t\t\n\t\t\t\t\t\t\t\t<div class=\"col-full first tb-column\">\n\t\t\t\t\t\t\t\t\t\t\t\t\t\t\t\t\t\t\t\n\t\t\t\t\t\t\t\t\t\t\n<!-- module box -->\n<div id=\"box-2640-6-0-0\" class=\"module module-box box-2640-6-0-0 \">\n\t\t\n\t\t\n\t<div class=\"module-box-content ui rounded gradient default  \">\n\t\t<p><strong>1956.<\/strong><br \/>\nPremi\u00e8re sortie dans le cort\u00e8ge du groupe des \u00ab Aspirants-majors \u00bb pr\u00e9c\u00e9d\u00e9 de son propre drapeau et ferm\u00e9 par trois porteurs d\u2019arbal\u00e8tes.<br \/>\n<img decoding=\"async\" class=\"aligncenter\" src=\"\/wordpress\/wp-content\/uploads\/2016\/03\/aspirants.jpg\" alt=\"aspirants\" align=\"center\" border=\"0\" hspace=\"30\" vspace=\"15\" \/><\/p>\n<p><strong>1958.<\/strong><br \/>\nPremi\u00e8re sortie du peloton des Hallebardiers, men\u00e9 par Martin Tossings.<br \/>\n<img decoding=\"async\" class=\"aligncenter\" src=\"\/wordpress\/wp-content\/uploads\/2016\/03\/hallebardiers.jpg\" alt=\"hallebardiers\" align=\"center\" border=\"0\" hspace=\"30\" vspace=\"15\" \/><\/p>\n\t<\/div>\n\n\t<\/div>\n<!-- \/module box -->\n<!-- .themify_builder .box-2640-6-0-0 Style -->\n<style>\n.themify_builder .box-2640-6-0-0.module-box {\n\ttext-align: justify\n}\n<\/style>\n<!-- End .themify_builder .box-2640-6-0-0 Style -->\n\n\t\t\t\t\t\t\t\t\t\n\t\t\t\t\t\t\t\t\t\t\t\t\t\t\t\t\t<\/div>\n\t\t\t\t\t\t\t\t<!-- \/col -->\n\t\t\t\t\t\t  \n\n\t\t\t\t\t\n\t\t\t\t\t\t\t\t\t\t\n\t\t\t\t\t\t\t\t\t\n\t\t\t\t<\/div>\n\t\t\t\t<!-- \/row_inner -->\n\t\t\t<\/div>\n\t\t\t<!-- \/module_row -->\n\t\t\t\n\t\t\t\n\t\t\t<!-- module_row -->\n\t\t\t<div class=\"themify_builder_row module_row module_row_7 clearfix\" >\n\n\t\t\t\t<div class=\"row_inner\">\n\n\t\t\t\t\t\n\t\t\t\t\t\n\t\t\t\t\t\n\t\t\t\t\t\n\t\t\t\t\t\t\t\t<div class=\"col-full first tb-column\">\n\t\t\t\t\t\t\t\t\t\t\t\t\t\t\t\t\t\t\t\n\t\t\t\t\t\t\t\t\t\t\n<!-- module box -->\n<div id=\"box-2640-7-0-0\" class=\"module module-box box-2640-7-0-0 \">\n\t\t\n\t\t\n\t<div class=\"module-box-content ui rounded gradient default  \">\n\t\t<p><strong>Festivit\u00e9s du 650\u00e8me anniversaire..<\/strong>.<\/p>\n<p><a href=\"\/photos\/big-ass2.jpg\" target=\"_blank\" rel=\"noopener\"><img decoding=\"async\" class=\"alignright\" src=\"http:\/\/www.arbaletriers-vise.be\/photos\/small-ass2.jpg\" alt=\"Assiette comm\u00e9morative 1960\" align=\"right\" \/><\/a>Le souvenir des festivit\u00e9s qui marqu\u00e8rent cette date reste grav\u00e9 dans toutes les m\u00e9moires. Vis\u00e9 accueillit de nombreuses soci\u00e9t\u00e9s venues des quatre coins de la Belgique. Diverses personnalit\u00e9s rehauss\u00e8rent les manifestations de leur pr\u00e9sence. S.M.Baudouin Ier Roi des Belges, invit\u00e9 d\u2019honneur, assista \u00e0 tous les d\u00e9fil\u00e9s de l\u2019apr\u00e8s-midi.<\/p>\n<p>Si nous omettons les diff\u00e9rents d\u00e9tails de cette journ\u00e9e, nous signalerons n\u00e9anmoins le beau geste des Arbal\u00e9triers \u00e0 l\u2019\u00e9gard de la ville de Vis\u00e9. D\u00e9sireuse en effet de marquer \u00e0 jamais cet anniversaire, la compagnie offrit \u00e0 la cit\u00e9 qui l\u2019a vue na\u00eetre une r\u00e9plique de son ancien perron.<\/p>\n<p>\u00ab Le perron de Vis\u00e9 est un des plus anciens de la principaut\u00e9 de Li\u00e8ge, contemporain de celui de la Cit\u00e9 Ardente. Il figure sur des deniers, des monnaies, frapp\u00e9s \u00e0 l\u2019atelier mon\u00e9taire de Vis\u00e9 entre 1154 et 1200.<\/p>\n<p><img decoding=\"async\" class=\"alignleft\" src=\"http:\/\/www.arbaletriers-vise.be\/photos\/perron.jpg\" alt=\"perron\" \/>Il est ant\u00e9rieur \u00e0 ceux de Huy, de Maestricht, Saint-Trond, Thuin, Hasselt, Herve, Looz la ville, Verviers, Sart-les-Spa, cit\u00e9s par ordre d\u2019anciennet\u00e9, et \u00e0 celui de Stavelot, datant du dix-septi\u00e8me si\u00e8cle. Plusieurs ont disparu, d\u2019autres ont \u00e9t\u00e9 remplac\u00e9s, celui deLi\u00e8ge notamment, qui est l\u2019\u0153uvre de Jean Delcour.<\/p>\n<p>C\u2019est sous un ch\u00eane, en face du perron, que se rendait la justice : c\u2019est devant lui que les d\u00e9cisions importantes \u00e9taient prises. C\u2019\u00e9tait un signe de franchise et de libert\u00e9.<\/p>\n<p>Edifi\u00e9 place du March\u00e9, il y resta jusqu\u2019en 1340, mais la construction d\u2019un enclo\u00eetre au profit des chanoines du Chapitre de Saint Hadelin, comprenant les alentours de la Coll\u00e9giale Saint-Hadelin, mais aussi la place du March\u00e9, incita le pouvoir \u00e0 transf\u00e9rer le perron approximativement \u00e0 l\u2019emplacement de l\u2019h\u00f4tel de ville. Il y resta jusqu\u2019en 1612.<\/p>\n<p>Apr\u00e8s la construction de la maison de ville, il fut quelque peu d\u00e9plac\u00e9. En 1709, on le trouve au carrefour de la rue du Perron et de la rue Haute, \u00e0 l\u2019endroit dit \u00ab le tochet \u00bb. C\u2019est l\u00e0, que devenu fort v\u00e9tuste, il disparut \u00e0 la r\u00e9volution de l789. Le nouveau perron est construit \u00e0 l\u2019emplacement du premier. Il reproduit les armoiries de la ville et celles des diff\u00e9rentes compagnies vis\u00e9toises. Dans les fondations, se trouve scell\u00e9 un parchemin portant les signatures des dignitaires de la gilde.<\/p>\n<p><img decoding=\"async\" class=\"aligncenter\" src=\"\/wordpress\/wp-content\/uploads\/2016\/03\/baudouin.jpg\" alt=\"\" \/><br \/>\n<img decoding=\"async\" class=\"aligncenter\" src=\"\/wordpress\/wp-content\/uploads\/2016\/03\/baudoinbalcon.jpg\" alt=\"\" \/><\/p>\n<hr \/>\n<p><em>Assiette comm\u00e9morative cr\u00e9\u00e9e en 1960<\/em><br \/>\n<em>Le Perron en 1960<\/em><br \/>\n<em>Le Roi Baudouin au balcon de notre local<\/em><\/p>\n\t<\/div>\n\n\t<\/div>\n<!-- \/module box -->\n<!-- .themify_builder .box-2640-7-0-0 Style -->\n<style>\n.themify_builder .box-2640-7-0-0.module-box {\n\ttext-align: justify\n}\n<\/style>\n<!-- End .themify_builder .box-2640-7-0-0 Style -->\n\n\t\t\t\t\t\t\t\t\t\n\t\t\t\t\t\t\t\t\t\t\t\t\t\t\t\t\t<\/div>\n\t\t\t\t\t\t\t\t<!-- \/col -->\n\t\t\t\t\t\t  \n\n\t\t\t\t\t\n\t\t\t\t\t\t\t\t\t\t\n\t\t\t\t\t\t\t\t\t\n\t\t\t\t<\/div>\n\t\t\t\t<!-- \/row_inner -->\n\t\t\t<\/div>\n\t\t\t<!-- \/module_row -->\n\t\t\t\n\t\t\t\n\t\t\t<!-- module_row -->\n\t\t\t<div class=\"themify_builder_row module_row module_row_8 clearfix\" >\n\n\t\t\t\t<div class=\"row_inner\">\n\n\t\t\t\t\t\n\t\t\t\t\t\n\t\t\t\t\t\n\t\t\t\t\t\n\t\t\t\t\t\t\t\t<div class=\"col-full first tb-column\">\n\t\t\t\t\t\t\t\t\t\t\t\t\t\t\t\t\t\t\t\n\t\t\t\t\t\t\t\t\t\t\n<!-- module box -->\n<div id=\"box-2640-8-0-0\" class=\"module module-box box-2640-8-0-0 \">\n\t\t\n\t\t\n\t<div class=\"module-box-content ui rounded gradient default  \">\n\t\t<p><strong>1985. 675\u00e8me anniversaire.<\/strong><\/p>\n<p><img decoding=\"async\" class=\"alignright\" src=\"\/photos\/stele1.jpg\" alt=\"\" align=\"right\" \/>Les Arbal\u00e9triers ont inaugur\u00e9 une st\u00e8le comm\u00e9morative.<br \/>\nIl s\u2019agit d\u2019un bas-relief en bronze scell\u00e9 dans la pierre.<br \/>\nIl repr\u00e9sente, en avant- plan, un arbal\u00e9trier en armes et, en arri\u00e8re-plan, la r\u00e9plique fid\u00e8le d\u2019une nef marchande d\u2019\u00e9poque.<br \/>\nCette \u0153uvre a \u00e9t\u00e9 con\u00e7ue et r\u00e9alis\u00e9e par le Colonel-Conservateur du mus\u00e9e : Joseph Ronday.<\/p>\n<p>Ce modeste monument rappellera aux Vis\u00e9tois une franchise datant du XIV\u00e8me si\u00e8cle, <img decoding=\"async\" src=\"\/photos\/ass1.jpg\" alt=\"Assiette comm\u00e9morative 1985\" align=\"left\" hspace=\"30\" vspace=\"15\" \/>accordant un droit de p\u00e9age aux arbal\u00e9triers qui assuraient la protection des nefs transitant dans notre cit\u00e9.<\/p>\n<p>La section des \u00ab Moins de quarante \u00bb fit appel \u00e0 un artiste peintre, le Dalhemois Jacques Donnay, pour r\u00e9aliser une lithographie.<br \/>\nCelle-ci fut produite \u00e0 100 exemplaires num\u00e9rot\u00e9s, elle repr\u00e9sente de mani\u00e8re all\u00e9gorique les principaux \u00e9difices civils et religieux de Vis\u00e9 ainsi que Saint Georges et notre Compagnie.<br \/>\nEnfin, une assiette comm\u00e9morative, peinte \u00e0 la main, sur porcelaine de Saxe, fut aussi r\u00e9alis\u00e9e pour ce jubil\u00e9 exceptionnel.<\/p>\n<table border=\"0\" width=\"95%\">\n<tbody>\n<tr>\n<td align=\"center\"><img decoding=\"async\" src=\"\/photos\/lito.jpg\" alt=\"\" \/><\/td>\n<td align=\"center\" width=\"40\"><\/td>\n<td class=\"texte\" align=\"center\" valign=\"top\"><p><img decoding=\"async\" src=\"\/photos\/stele2.jpg\" alt=\"\" \/><\/p>\n<p align=\"center\">\n<\/td>\n<\/tr>\n<\/tbody>\n<\/table>\n<hr \/>\n<p><em>En haut \u00e0 gauche : assiette comm\u00e9morative cr\u00e9\u00e9e en 1985<br \/>\nEn haut \u00e0 droite : la st\u00e8le<br \/>\nEn bas \u00e0 droite, d\u00e9tail de la st\u00e8le<br \/>\nEn bas \u00e0 gauche, la lithographie<br \/>\n<\/em><\/p>\n\t<\/div>\n\n\t<\/div>\n<!-- \/module box -->\n<!-- .themify_builder .box-2640-8-0-0 Style -->\n<style>\n.themify_builder .box-2640-8-0-0.module-box {\n\ttext-align: justify\n}\n<\/style>\n<!-- End .themify_builder .box-2640-8-0-0 Style -->\n\n\t\t\t\t\t\t\t\t\t\n\t\t\t\t\t\t\t\t\t\t\t\t\t\t\t\t\t<\/div>\n\t\t\t\t\t\t\t\t<!-- \/col -->\n\t\t\t\t\t\t  \n\n\t\t\t\t\t\n\t\t\t\t\t\t\t\t\t\t\n\t\t\t\t\t\t\t\t\t\n\t\t\t\t<\/div>\n\t\t\t\t<!-- \/row_inner -->\n\t\t\t<\/div>\n\t\t\t<!-- \/module_row -->\n\t\t\t\n\t\t\t\n\t\t\t<!-- module_row -->\n\t\t\t<div class=\"themify_builder_row module_row module_row_9 clearfix\" >\n\n\t\t\t\t<div class=\"row_inner\">\n\n\t\t\t\t\t\n\t\t\t\t\t\n\t\t\t\t\t\n\t\t\t\t\t\n\t\t\t\t\t\t\t\t<div class=\"col-full first tb-column\">\n\t\t\t\t\t\t\t\t\t\t\t\t\t\t\t\t\t\t\t\n\t\t\t\t\t\t\t\t\t\t\n<!-- module box -->\n<div id=\"box-2640-9-0-0\" class=\"module module-box box-2640-9-0-0 \">\n\t\t\n\t\t\n\t<div class=\"module-box-content ui rounded gradient default  \">\n\t\t<p><strong>Juin 1992.<\/strong><br \/>\nL\u2019Union Nationale des Arbal\u00e9triers de Belgique (UNAB) confie \u00e0 la CRAAV l\u2019organisation du<br \/>\ntir \u00ab Field Euro 92 \u00bb. Il s\u2019agit du premier grand tournoi international de tir \u00e0 l\u2019arbal\u00e8te \u2013 field,<br \/>\nune nouvelle discipline dont le succ\u00e8s va croissant (cf. section de tir).<br \/>\nPays participants : Allemagne, Belgique, France, Grande-Bretagne, Irlande, Italie, Lettonie, Pays-Bas, Pologne, Tch\u00e9coslovaquie..<\/p>\n<table border=\"0\" width=\"90%\">\n<tbody>\n<tr>\n<td align=\"center\" width=\"45%\"><img decoding=\"async\" src=\"\/photos\/tir1.jpg\" alt=\"\" \/><\/td>\n<td align=\"center\" width=\"10%\"><\/td>\n<td align=\"center\" width=\"45%\"><img decoding=\"async\" src=\"\/photos\/tir2.jpg\" alt=\"\" \/><\/td>\n<\/tr>\n<tr>\n<td class=\"texte\" align=\"center\" width=\"45%\">\n<p align=\"center\"><em><b>Cibles \u00ab\u00a0Field\u00a0\u00bb<\/b><\/em><\/p>\n<\/td>\n<td class=\"texte\" align=\"center\" width=\"10%\"><\/td>\n<td class=\"texte\" align=\"center\" width=\"45%\">\n<p align=\"center\"><em><b>Drapeaux des organisateurs<br \/>\net nations participantes<\/b><\/em><\/p>\n<\/td>\n<\/tr>\n<\/tbody>\n<\/table>\n<p>Cette joute amicale fut un grand succ\u00e8s qui \u00e9tendit le renom de notre compagnie jusque dans les anciens pays de l\u2019Est.<\/p>\n\t<\/div>\n\n\t<\/div>\n<!-- \/module box -->\n<!-- .themify_builder .box-2640-9-0-0 Style -->\n<style>\n.themify_builder .box-2640-9-0-0.module-box {\n\ttext-align: justify\n}\n<\/style>\n<!-- End .themify_builder .box-2640-9-0-0 Style -->\n\n\t\t\t\t\t\t\t\t\t\n\t\t\t\t\t\t\t\t\t\t\t\t\t\t\t\t\t<\/div>\n\t\t\t\t\t\t\t\t<!-- \/col -->\n\t\t\t\t\t\t  \n\n\t\t\t\t\t\n\t\t\t\t\t\t\t\t\t\t\n\t\t\t\t\t\t\t\t\t\n\t\t\t\t<\/div>\n\t\t\t\t<!-- \/row_inner -->\n\t\t\t<\/div>\n\t\t\t<!-- \/module_row -->\n\t\t\t\n\t\t\t\n\t\t\t<!-- module_row -->\n\t\t\t<div class=\"themify_builder_row module_row module_row_10 clearfix\" >\n\n\t\t\t\t<div class=\"row_inner\">\n\n\t\t\t\t\t\n\t\t\t\t\t\n\t\t\t\t\t\n\t\t\t\t\t\n\t\t\t\t\t\t\t\t<div class=\"col-full first tb-column\">\n\t\t\t\t\t\t\t\t\t\t\t\t\t\t\t\t\t\t\t\n\t\t\t\t\t\t\t\t\t\t\n<!-- module box -->\n<div id=\"box-2640-10-0-0\" class=\"module module-box box-2640-10-0-0 \">\n\t\t\n\t\t\n\t<div class=\"module-box-content ui rounded gradient default  \">\n\t\t<p><strong>Octobre 1997.<\/strong><br \/>\nUn incendie d\u2019origine inconnue d\u00e9truisit compl\u00e8tement la salle des f\u00eates, et une partie des locaux. Le mus\u00e9e a \u00e9t\u00e9 \u00e9pargn\u00e9. Toutes les pi\u00e8ces du mus\u00e9e ont \u00e9t\u00e9 \u00e9vacu\u00e9es gr\u00e2ce \u00e0 une longue cha\u00eene humaine de membres et de Vis\u00e9tois qui se sont pass\u00e9 de mains en mains tous les objets qui font la fiert\u00e9 de notre patrimoine historique.<\/p>\n<table border=\"0\" width=\"90%\">\n<tbody>\n<tr>\n<td align=\"center\" width=\"45%\"><img decoding=\"async\" src=\"\/photos\/1997-1.jpg\" alt=\"\" \/><\/td>\n<td align=\"center\" width=\"10%\"><\/td>\n<td align=\"center\" width=\"45%\"><img decoding=\"async\" src=\"\/photos\/1997-2.jpg\" alt=\"\" \/><\/td>\n<\/tr>\n<tr>\n<td class=\"texte\" align=\"center\" width=\"45%\">\n<p align=\"center\"><em><b>Avant l\u2019incendie<\/b><\/em><\/p>\n<\/td>\n<td align=\"center\" width=\"10%\"><\/td>\n<td class=\"texte\" align=\"center\" width=\"45%\">\n<p align=\"center\"><em><b>Local sinistr\u00e9<\/b><\/em><\/p>\n<\/td>\n<\/tr>\n<\/tbody>\n<\/table>\n<p>Cette trag\u00e9die n\u2019a pas abattu le moral ni l\u2019id\u00e9al des Confr\u00e8res. Ceux-ci, tous ensemble, chacun suivant ses capacit\u00e9s, ont restaur\u00e9 l\u2019immeuble et reconstruit un nouveau local plus complet et plus s\u00fbr. Ils ont am\u00e9nag\u00e9 un tout nouveau stand de tir, agrandi la salle du fond de cale et r\u00e9nov\u00e9 le mus\u00e9e.<\/p>\n<table border=\"0\" width=\"90%\">\n<tbody>\n<tr>\n<td align=\"center\" width=\"45%\"><img decoding=\"async\" src=\"\/photos\/1997-3.jpg\" alt=\"\" \/><\/td>\n<td align=\"center\" width=\"10%\"><\/td>\n<td align=\"center\" width=\"45%\"><img decoding=\"async\" src=\"\/photos\/1997-4.jpg\" alt=\"\" \/><\/td>\n<\/tr>\n<tr>\n<td class=\"texte\" align=\"center\" width=\"45%\">\n<p align=\"center\"><em><b>La reconstruction<\/b><\/em><\/p>\n<\/td>\n<td align=\"center\" width=\"10%\"><\/td>\n<td class=\"texte\" align=\"center\" width=\"45%\">\n<p align=\"center\"><em><b>Nouvelles installations<\/b><\/em><\/p>\n<\/td>\n<\/tr>\n<\/tbody>\n<\/table>\n<p>Tourn\u00e9s vers l\u2019avenir les arbal\u00e9triers vis\u00e9tois continuent \u00e0 respecter leurs anciennes coutumes tout en pr\u00e9parant d\u00e9j\u00e0 le 700\u00e8me anniversaire de la gilde. Rendez-vous en 2010 !<\/p>\n\t<\/div>\n\n\t<\/div>\n<!-- \/module box -->\n<!-- .themify_builder .box-2640-10-0-0 Style -->\n<style>\n.themify_builder .box-2640-10-0-0.module-box {\n\ttext-align: justify\n}\n<\/style>\n<!-- End .themify_builder .box-2640-10-0-0 Style -->\n\n\t\t\t\t\t\t\t\t\t\n\t\t\t\t\t\t\t\t\t\t\t\t\t\t\t\t\t<\/div>\n\t\t\t\t\t\t\t\t<!-- \/col -->\n\t\t\t\t\t\t  \n\n\t\t\t\t\t\n\t\t\t\t\t\t\t\t\t\t\n\t\t\t\t\t\t\t\t\t\n\t\t\t\t<\/div>\n\t\t\t\t<!-- \/row_inner -->\n\t\t\t<\/div>\n\t\t\t<!-- \/module_row -->\n\t\t\t\n\t\t\t\n\t\t\t<!-- module_row -->\n\t\t\t<div class=\"themify_builder_row module_row module_row_11 clearfix\" >\n\n\t\t\t\t<div class=\"row_inner\">\n\n\t\t\t\t\t\n\t\t\t\t\t\n\t\t\t\t\t\n\t\t\t\t\t\n\t\t\t\t\t\t\t\t<div class=\"col-full first tb-column\">\n\t\t\t\t\t\t\t\t\t\t\t\t\t\t\t\t\t\t\t\n\t\t\t\t\t\t\t\t\t\t\n<!-- module box -->\n<div id=\"box-2640-11-0-0\" class=\"module module-box box-2640-11-0-0 \">\n\t\t\n\t\t\n\t<div class=\"module-box-content ui rounded gradient default  \">\n\t\t<p><strong>Juin 1998.<\/strong><br \/>\nRenouant avec les traditions ancestrales, la Compagnie s\u2019arr\u00eate, \u00e0 la f\u00eate d\u2019avril devant l\u2019h\u00f4tel de ville pour y \u00eatre re\u00e7ue par les autorit\u00e9s communales : C\u00e9r\u00e9monie o\u00f9, le G\u00e9n\u00e9ral-pr\u00e9sident, par un bref discours met ses troupes \u00e0 la disposition du Bourgmestre, lequel, en gage de remerciement remettra les clefs de la ville \u00e0 la Compagnie.<\/p>\n<p>Les membres de la compagnie en grand uniforme se rendent \u00e0 Gand.<br \/>\nIls sont les h\u00f4tes de la \u00ab Grote Souvereine Hoofdgilde van den Edelen Ridder Sint Joris te Gent \u00bb.<br \/>\nCette gilde dont les origines remontent au XI\u00e8me si\u00e8cle, f\u00eate le 500\u00e8me anniversaire d\u2019un grand concours de tir \u00e0 l\u2019arbal\u00e8te.<br \/>\nEn effet en 1498 l\u2019\u00e9lite des milices communales des Pays-Bas et des pays voisins se sont mesur\u00e9es lors d\u2019un tournoi.<br \/>\nA cette occasion, un peloton de porteurs d\u2019arbal\u00e8tes fut constitu\u00e9 \u00e0 titre d\u2019essai pour enjoliver le cort\u00e8ge &#038; en accentuer le caract\u00e8re arbal\u00e9trier.<\/p>\n<p><img decoding=\"async\" class=\" aligncenter\" src=\"\/photos\/garcon.jpg\" alt=\"\" \/><\/p>\n<p><strong>1999.<\/strong><br \/>\nLe nouveau peloton est officialis\u00e9 pour la St Georges,<br \/>\nIl comprend 12 membres effectifs et 8 r\u00e9serves.<\/p>\n<hr \/>\n<p><em>Un cadet pr\u00e9c\u00e8de la d\u00e9l\u00e9gation<\/em><\/p>\n\t<\/div>\n\n\t<\/div>\n<!-- \/module box -->\n<!-- .themify_builder .box-2640-11-0-0 Style -->\n<style>\n.themify_builder .box-2640-11-0-0.module-box {\n\ttext-align: justify\n}\n<\/style>\n<!-- End .themify_builder .box-2640-11-0-0 Style -->\n\n\t\t\t\t\t\t\t\t\t\n\t\t\t\t\t\t\t\t\t\t\t\t\t\t\t\t\t<\/div>\n\t\t\t\t\t\t\t\t<!-- \/col -->\n\t\t\t\t\t\t  \n\n\t\t\t\t\t\n\t\t\t\t\t\t\t\t\t\t\n\t\t\t\t\t\t\t\t\t\n\t\t\t\t<\/div>\n\t\t\t\t<!-- \/row_inner -->\n\t\t\t<\/div>\n\t\t\t<!-- \/module_row -->\n\t\t\t\n<\/div>\n<!-- \/themify_builder_content -->","protected":false},"excerpt":{"rendered":"<p>En 1902, les Arbal\u00e9triers particip\u00e8rent \u00e0 la joyeuse entr\u00e9e \u00e0 Li\u00e8ge d&rsquo;Albert et Elisabeth. En sa qualit\u00e9 de pr\u00e9sident d&rsquo;honneur, le Prince apposa sa signature sur un parchemin. Le 20 juillet 1905, eut lieu \u00e0 Bruxelles un grand concours de drapeaux, joyaux et tr\u00e9sors des gildes. Les Vis\u00e9tois se class\u00e8rent premiers de Wallonie et seconds [&hellip;]<\/p>\n","protected":false},"author":1,"featured_media":0,"parent":0,"menu_order":0,"comment_status":"closed","ping_status":"closed","template":"","meta":{"footnotes":""},"class_list":["post-2640","page","type-page","status-publish","hentry"],"_links":{"self":[{"href":"https:\/\/www.arbaletriers.be\/wordpress\/wp-json\/wp\/v2\/pages\/2640"}],"collection":[{"href":"https:\/\/www.arbaletriers.be\/wordpress\/wp-json\/wp\/v2\/pages"}],"about":[{"href":"https:\/\/www.arbaletriers.be\/wordpress\/wp-json\/wp\/v2\/types\/page"}],"author":[{"embeddable":true,"href":"https:\/\/www.arbaletriers.be\/wordpress\/wp-json\/wp\/v2\/users\/1"}],"replies":[{"embeddable":true,"href":"https:\/\/www.arbaletriers.be\/wordpress\/wp-json\/wp\/v2\/comments?post=2640"}],"version-history":[{"count":1,"href":"https:\/\/www.arbaletriers.be\/wordpress\/wp-json\/wp\/v2\/pages\/2640\/revisions"}],"predecessor-version":[{"id":11901,"href":"https:\/\/www.arbaletriers.be\/wordpress\/wp-json\/wp\/v2\/pages\/2640\/revisions\/11901"}],"wp:attachment":[{"href":"https:\/\/www.arbaletriers.be\/wordpress\/wp-json\/wp\/v2\/media?parent=2640"}],"curies":[{"name":"wp","href":"https:\/\/api.w.org\/{rel}","templated":true}]}}