{"id":4851,"date":"2017-02-23T13:41:40","date_gmt":"2017-02-23T12:41:40","guid":{"rendered":"http:\/\/www.arbaletriers.be\/wordpress\/?page_id=4851"},"modified":"2025-08-06T16:26:13","modified_gmt":"2025-08-06T15:26:13","slug":"compagnie-lecorpsdesalbastries","status":"publish","type":"page","link":"https:\/\/www.arbaletriers.be\/wordpress\/compagnie-lecorpsdesalbastries\/","title":{"rendered":"Compagnie &#8211; Le Corps des Albastries"},"content":{"rendered":"<div id=\"themify_builder_content-4851\" data-postid=\"4851\" class=\"themify_builder_content themify_builder_content-4851 themify_builder themify_builder_front\">\n\t\t\t\t\n\t\t\t<!-- module_row -->\n\t\t\t<div class=\"themify_builder_row module_row module_row_0 clearfix\" >\n\n\t\t\t\t<div class=\"row_inner\">\n\n\t\t\t\t\t\n\t\t\t\t\t\n\t\t\t\t\t\n\t\t\t\t\t\n\t\t\t\t\t\t\t\t<div class=\"col-full first tb-column\">\n\t\t\t\t\t\t\t\t\t\t\t\t\t\t\t\t\t\t\t\n\t\t\t\t\t\t\t\t\t\t\n<!-- module box -->\n<div id=\"box-4851-0-0-0\" class=\"module module-box box-4851-0-0-0 \">\n\t\t\n\t\t\n\t<div class=\"module-box-content ui rounded gradient default  \">\n\t\t<h1>Le Corps des Albastries<\/h1>\t<\/div>\n\n\t<\/div>\n<!-- \/module box -->\n<!-- .themify_builder .box-4851-0-0-0 Style -->\n<style>\n.themify_builder .box-4851-0-0-0.module-box {\n\ttext-align: justify\n}\n<\/style>\n<!-- End .themify_builder .box-4851-0-0-0 Style -->\n\n\n<!-- module box -->\n<div id=\"box-4851-0-0-1\" class=\"module module-box box-4851-0-0-1 \">\n\t\t\n\t\t\n\t<div class=\"module-box-content ui rounded gradient default  \">\n\t\t<i><b>La cr\u00e9ation du peloton des albastries<\/b><\/i>\t<\/div>\n\n\t<\/div>\n<!-- \/module box -->\n<!-- .themify_builder .box-4851-0-0-1 Style -->\n<style>\n.themify_builder .box-4851-0-0-1.module-box {\n\ttext-align: justify\n}\n<\/style>\n<!-- End .themify_builder .box-4851-0-0-1 Style -->\n\n\n<!-- module box -->\n<div id=\"box-4851-0-0-2\" class=\"module module-box box-4851-0-0-2 \">\n\t\t\n\t\t\n\t<div class=\"module-box-content ui rounded gradient default  \">\n\t\t<p>A partir de 2005, la proximit\u00e9 des f\u00eates du 700<sup>\u00e8me<\/sup> anniversaire va engendrer une nouvelle dynamique et faire surgir de nouveaux projets.<\/p><p>Deux commissions (Cort\u00e8ges et Festivit\u00e9s) voient le jour. La premi\u00e8re, pr\u00e9sid\u00e9e par le major Edmond DE FLINES, va \u00e9laborer deux projets d\u2019envergure qui vont se concr\u00e9tiser rapidement :<\/p><ol><li>La cr\u00e9ation d\u2019un nouveau peloton \u00ab Enseignes \u00bb ;<\/li><li>La cr\u00e9ation d\u2019un nouveau peloton \u00ab Arbal\u00e9triers du XIV<sup>\u00e8me<\/sup> si\u00e8cle \u00bb.<\/li><\/ol><p>Au printemps 2009, plusieurs propositions de la commission cort\u00e8ges sont valid\u00e9es, dont celle du corps des \u00ab Albastries \u00bb qui allait d\u00e9sormais ouvrir nos cort\u00e8ges.<\/p>\t<\/div>\n\n\t<\/div>\n<!-- \/module box -->\n<!-- .themify_builder .box-4851-0-0-2 Style -->\n<style>\n.themify_builder .box-4851-0-0-2.module-box {\n\ttext-align: justify\n}\n<\/style>\n<!-- End .themify_builder .box-4851-0-0-2 Style -->\n\n\n<!-- module box -->\n<div id=\"box-4851-0-0-3\" class=\"module module-box box-4851-0-0-3 \">\n\t\t\n\t\t\n\t<div class=\"module-box-content ui rounded gradient default  \">\n\t\t<p><img decoding=\"async\" class=\"aligncenter\" src=\"\/wordpress\/wp-content\/uploads\/2017\/02\/albastrie1.jpg\" \/><\/p>\n\t<\/div>\n\n\t<\/div>\n<!-- \/module box -->\n<!-- .themify_builder .box-4851-0-0-3 Style -->\n<style>\n.themify_builder .box-4851-0-0-3.module-box {\n\ttext-align: justify\n}\n<\/style>\n<!-- End .themify_builder .box-4851-0-0-3 Style -->\n\n\n<!-- module box -->\n<div id=\"box-4851-0-0-4\" class=\"module module-box box-4851-0-0-4 \">\n\t\t\n\t\t\n\t<div class=\"module-box-content ui rounded gradient default  \">\n\t\t<table><tbody><tr><td width=\"378\">\u00a0<\/td><\/tr><\/tbody><\/table><p>Le costume de ces nouveaux officiers donna lieu \u00e0 bien des discussions. Le Roy, Joseph RONDAY, \u00e9labora plusieurs croquis, des recherches furent effectu\u00e9es dans divers ouvrages traitant des tenues militaires au Moyen-Age et des milices communales.<\/p><p><em>\u00ab Il fallait constituer un groupe \u00e9l\u00e9gant, s\u2019int\u00e9grant harmonieusement \u00e0 l\u2019ensemble de notre cort\u00e8ge, sans commettre d\u2019erreur historique flagrante. Il est probable que la milice vis\u00e9toise du XIV<sup>\u00e8me<\/sup> si\u00e8cle ne portait pas d\u2019uniforme r\u00e9glementaire ; nous ne poss\u00e9dons aucun document \u00e0 ce sujet.<\/em><\/p><p><em>Inspir\u00e9 d\u2019un dessin d\u2019\u00e9poque repr\u00e9sentant la milice communale gantoise, nous avons opt\u00e9 pour une tenue laissant \u00e0 chaque participant le choix entre plusieurs mod\u00e8les de casques, de chausses et d\u2019arbal\u00e8tes diff\u00e9rents.<\/em><\/p><p><em>Les armoiries communales de Vis\u00e9 n\u2019\u00e9tant apparues que bien plus tard, il fallait trouver un motif \u00e0 broder sur les cottes d\u2019armes. Le choix se porta sur le blason du Prince-Ev\u00eaque fondateur pour les officiers marchant au premier rang et une arbal\u00e8te pour les \u00ab Albastries \u00bb. Ce n\u2019\u00e9tait que reprendre le choix de nos a\u00efeux qui avaient grav\u00e9 le dessin de cette arme sur la clef de vo\u00fbte de la Porte de Mouland, emplacement habituellement r\u00e9serv\u00e9 aux armoiries du Seigneur de l\u2019endroit \u00bb<\/em>.<\/p>\t<\/div>\n\n\t<\/div>\n<!-- \/module box -->\n<!-- .themify_builder .box-4851-0-0-4 Style -->\n<style>\n.themify_builder .box-4851-0-0-4.module-box {\n\ttext-align: justify\n}\n<\/style>\n<!-- End .themify_builder .box-4851-0-0-4 Style -->\n\n\n<!-- module box -->\n<div id=\"box-4851-0-0-5\" class=\"module module-box box-4851-0-0-5 \">\n\t\t\n\t\t\n\t<div class=\"module-box-content ui rounded gradient default  \">\n\t\t<p><img loading=\"lazy\" decoding=\"async\" class=\"aligncenter\" src=\"\/wordpress\/wp-content\/uploads\/2017\/02\/albastrie2.jpg\" width=\"448\" height=\"298\" \/><\/p>\n\t<\/div>\n\n\t<\/div>\n<!-- \/module box -->\n<!-- .themify_builder .box-4851-0-0-5 Style -->\n<style>\n.themify_builder .box-4851-0-0-5.module-box {\n\ttext-align: justify\n}\n<\/style>\n<!-- End .themify_builder .box-4851-0-0-5 Style -->\n\n\n<!-- module box -->\n<div id=\"box-4851-0-0-6\" class=\"module module-box box-4851-0-0-6 \">\n\t\t\n\t\t\n\t<div class=\"module-box-content ui rounded gradient default  \">\n\t\t<p>Les futurs postulants effectu\u00e8rent alors une visite \u00e0 une foire m\u00e9di\u00e9vale qui se tenait annuellement \u00e0 Pontoise, en France.<\/p>\n<p>Certains y firent l\u2019acquisition de bottines en cuir, de ceinturons, \u00e9p\u00e9es, casques et autres accessoires permettant de compl\u00e9ter leur \u00e9quipement.<br \/>\nEn f\u00e9vrier 2010, les seize membres (voir liste en annexe 2) du nouveau peloton pr\u00eat\u00e8rent le serment traditionnel \u00e0 saint Georges.<br \/>\nIl fut convenu qu\u2019ils d\u00e9fileraient par rang de trois, les officiers occupant le premier rang.<\/p>\n<p>L\u2019assembl\u00e9e g\u00e9n\u00e9rale ratifia les nominations effectu\u00e9es par le Comit\u00e9 de Compagnie : le colonel Guy BELLEM devenait capitaine du nouveau peloton ; il \u00e9tait assist\u00e9 des lieutenants Paul DELEPINE et Henri PAULISSEN Jr.<br \/>\nLe porte-drapeau \u00e9tait l\u2019ancien hallebardier Georges VANMESSEN, tout un symbole.<br \/>\nCelui-ci brandissait fi\u00e8rement un magnifique drapeau \u00e0 courte hampe, repr\u00e9sentant saint Georges terrassant le dragon, offert par les nouveaux colonels Jacquy COEYMANS, Edmond DE FLINES, Michel LACROIX, Luc LIEGEOIS, Pierrot LONGLE et No\u00ebl MERTENS.<br \/>\nTout \u00e9tait pr\u00eat pour la premi\u00e8re sortie en ville qui eut lieu le 18 avril, jour de la Gloire et de la Descente.<br \/>\nLes Vis\u00e9tois purent ainsi d\u00e9couvrir en primeur les nouveaux pelotons et les nouvelles tenues.<br \/>\nFaut-il dire que tous furent \u00e9merveill\u00e9s par le chatoiement des couleurs et les prestances de nos nouveaux officiers ?<\/p>\n<p>L\u2019apr\u00e8s-midi, la Compagnie en grand uniforme, d\u00e9filait dans les rues de la Cit\u00e9 ardente pour comm\u00e9morer son attachement \u00e0 l\u2019ancienne principaut\u00e9 qui l\u2019a vue na\u00eetre.<br \/>\nLe cort\u00e8ge fit une premi\u00e8re halte \u00e0 la cath\u00e9drale Saint-Paul o\u00f9 Mgr Aloys JOUSTEN, \u00e9v\u00eaque de Li\u00e8ge, b\u00e9nit les nouveaux drapeaux et les nouvelles banni\u00e8res.<br \/>\nAinsi d\u00e9but\u00e8rent les festivit\u00e9s du 700\u00e8me anniversaire des Arbal\u00e9triers : leur cort\u00e8ge \u00e9tait d\u00e9sormais men\u00e9 par un peloton dont la tenue faisait clairement r\u00e9f\u00e9rence \u00e0 l\u2019\u00e9poque de fondation de la Compagnie.<\/p>\n\t<\/div>\n\n\t<\/div>\n<!-- \/module box -->\n<!-- .themify_builder .box-4851-0-0-6 Style -->\n<style>\n.themify_builder .box-4851-0-0-6.module-box {\n\ttext-align: justify\n}\n<\/style>\n<!-- End .themify_builder .box-4851-0-0-6 Style -->\n\n\n<!-- module box -->\n<div id=\"box-4851-0-0-7\" class=\"module module-box box-4851-0-0-7 \">\n\t\t\n\t\t\n\t<div class=\"module-box-content ui rounded gradient default  \">\n\t\t<p><img decoding=\"async\" class=\"aligncenter\" src=\"\/wordpress\/wp-content\/uploads\/2017\/02\/albastrie3.jpg\" \/><\/p>\n<hr \/>\n<p><em>Un des nombreux projets de tenue d&rsquo;Albastrie du XIV\u00e8me r\u00e9alis\u00e9 par J. RONDAY Jr.<\/em><\/p>\n\t<\/div>\n\n\t<\/div>\n<!-- \/module box -->\n<!-- .themify_builder .box-4851-0-0-7 Style -->\n<style>\n.themify_builder .box-4851-0-0-7.module-box {\n\ttext-align: justify\n}\n<\/style>\n<!-- End .themify_builder .box-4851-0-0-7 Style -->\n\n\n<!-- module box -->\n<div id=\"box-4851-0-0-8\" class=\"module module-box box-4851-0-0-8 \">\n\t\t\n\t\t\n\t<div class=\"module-box-content ui rounded gradient default  \">\n\t\t<p>Sources :<\/p><ul><li><u>Code des lois, statuts, r\u00e8glements et ordonnances de la corporation des Braves et Anciens Arbal\u00e9triers<\/u>, volume 3, 1949-1977.<\/li><li><u>Contr\u00f4le g\u00e9n\u00e9ral des personnes ayant pr\u00eat\u00e9 Serment de Fid\u00e9lit\u00e9 aux Arbal\u00e9triers de saint Georges<\/u>, volume 1, 1858-1982 ; volume 2, 1983 \u00e0 nos jours.<\/li><\/ul><p>Travaux :<\/p><ul><li>Claude FLUCHARD et Jean-Pol NIHON, <u>Les Arbal\u00e9triers vis\u00e9tois, un si\u00e8cle d\u2019Histoire, 1910-2010<\/u>, chapitres VI et IX.<\/li><li>W. FOSTIER, <u>Les Arbal\u00e9triers vis\u00e9tois, dans \u00ab Folklore vivant \u00bb<\/u>, Bruxelles, de Meyer, 1960, tome I, pages 94-106, photos originales de Ren\u00e9 RAMLOT.<\/li><\/ul>\t<\/div>\n\n\t<\/div>\n<!-- \/module box -->\n<!-- .themify_builder .box-4851-0-0-8 Style -->\n<style>\n.themify_builder .box-4851-0-0-8.module-box {\n\ttext-align: justify\n}\n<\/style>\n<!-- End .themify_builder .box-4851-0-0-8 Style -->\n\n\n<!-- module box -->\n<div id=\"box-4851-0-0-9\" class=\"module module-box box-4851-0-0-9 \">\n\t\t\n\t\t\n\t<div class=\"module-box-content ui rounded gradient default  \">\n\t\t<p><img class=\"aligncenter\" src=\/wordpress\/wp-content\/uploads\/2017\/02\/albastrie4.jpg\" \/><\/p>\n<hr \/>\n<p><em>Un des nombreux projets de tenue d&rsquo;Albastrie du XIV\u00e8me r\u00e9alis\u00e9 par J. RONDAY Jr.<\/em><\/p>\n\t<\/div>\n\n\t<\/div>\n<!-- \/module box -->\n<!-- .themify_builder .box-4851-0-0-9 Style -->\n<style>\n.themify_builder .box-4851-0-0-9.module-box {\n\ttext-align: justify\n}\n<\/style>\n<!-- End .themify_builder .box-4851-0-0-9 Style -->\n\n\n<!-- module box -->\n<div id=\"box-4851-0-0-10\" class=\"module module-box box-4851-0-0-10 \">\n\t\t\n\t\t\n\t<div class=\"module-box-content ui rounded gradient default  \">\n\t\t<p><strong>Annexe \u2013 Le corps des Albastries (avril 2010)<\/strong><\/p><table style=\"border: 2px solid; cellpadding: 5px;\"><tbody><tr style=\"border: 2px solid; cellpadding: 5px;\"><td style=\"border: 2px solid; cellpadding: 5px;\">NOMS<\/td><td style=\"border: 2px solid; cellpadding: 5px;\">ANCIEN GRADE<\/td><td style=\"border: 2px solid; cellpadding: 5px;\">NOUVEAU GRADE<\/td><\/tr><tr><td style=\"border: 2px solid; cellpadding: 5px;\">BELLEM Guy<\/td><td style=\"border: 2px solid; cellpadding: 5px;\">Colonel<\/td><td style=\"border: 2px solid; cellpadding: 5px;\">Capitaine<\/td><\/tr><tr><td style=\"border: 2px solid; cellpadding: 5px;\">PAULISSEN Henri<\/td><td style=\"border: 2px solid; cellpadding: 5px;\">Major<\/td><td style=\"border: 2px solid; cellpadding: 5px;\">Adjoint<\/td><\/tr><tr><td style=\"border: 2px solid; cellpadding: 5px;\">DELEPINE Paul<\/td><td style=\"border: 2px solid; cellpadding: 5px;\">Major<\/td><td style=\"border: 2px solid; cellpadding: 5px;\">Adjoint<\/td><\/tr><tr><td style=\"border: 2px solid; cellpadding: 5px;\">VANMESSEN Georges<\/td><td style=\"border: 2px solid; cellpadding: 5px;\">Ex-hallebardier<\/td><td style=\"border: 2px solid; cellpadding: 5px;\">Porte-drapeau<\/td><\/tr><tr><td style=\"border: 2px solid; cellpadding: 5px;\">FLUCHARD G\u00e9rard<\/td><td style=\"border: 2px solid; cellpadding: 5px;\">Major<\/td><td style=\"border: 2px solid; cellpadding: 5px;\">Officier<\/td><\/tr><tr><td style=\"border: 2px solid; cellpadding: 5px;\">THONUS Jean-Louis<\/td><td style=\"border: 2px solid; cellpadding: 5px;\">Major<\/td><td style=\"border: 2px solid; cellpadding: 5px;\">Officier<\/td><\/tr><tr><td style=\"border: 2px solid; cellpadding: 5px;\">SNYDERS Jean-Marc<\/td><td style=\"border: 2px solid; cellpadding: 5px;\">Major<\/td><td style=\"border: 2px solid; cellpadding: 5px;\">Officier<\/td><\/tr><tr><td style=\"border: 2px solid; cellpadding: 5px;\">LIESENS D\u00e9sir\u00e9<\/td><td style=\"border: 2px solid; cellpadding: 5px;\">\u00a0<\/td><td style=\"border: 2px solid; cellpadding: 5px;\">Officier<\/td><\/tr><tr><td style=\"border: 2px solid; cellpadding: 5px;\">SIMON Pierre-Yves<\/td><td style=\"border: 2px solid; cellpadding: 5px;\">\u00a0<\/td><td style=\"border: 2px solid; cellpadding: 5px;\">Officier<\/td><\/tr><tr><td style=\"border: 2px solid; cellpadding: 5px;\">DELTOUR Eric<\/td><td style=\"border: 2px solid; cellpadding: 5px;\">\u00a0<\/td><td style=\"border: 2px solid; cellpadding: 5px;\">Officier<\/td><\/tr><tr><td style=\"border: 2px solid; cellpadding: 5px;\">FLUCHARD Geoffrey<\/td><td style=\"border: 2px solid; cellpadding: 5px;\">\u00a0<\/td><td style=\"border: 2px solid; cellpadding: 5px;\">Officier<\/td><\/tr><tr><td style=\"border: 2px solid; cellpadding: 5px;\">FRAINEUX Alain<\/td><td style=\"border: 2px solid; cellpadding: 5px;\">\u00a0<\/td><td style=\"border: 2px solid; cellpadding: 5px;\">Officier<\/td><\/tr><tr><td style=\"border: 2px solid; cellpadding: 5px;\">VANUSCORPS Thierry<\/td><td style=\"border: 2px solid; cellpadding: 5px;\">\u00a0<\/td><td style=\"border: 2px solid; cellpadding: 5px;\">Officier<\/td><\/tr><tr><td style=\"border: 2px solid; cellpadding: 5px;\">VERHESTRAETEN C\u00e9dric<\/td><td style=\"border: 2px solid; cellpadding: 5px;\">\u00a0<\/td><td style=\"border: 2px solid; cellpadding: 5px;\">Officier<\/td><\/tr><tr><td style=\"border: 2px solid; cellpadding: 5px;\">VERHESTRAETEN Marc<\/td><td style=\"border: 2px solid; cellpadding: 5px;\">\u00a0<\/td><td style=\"border: 2px solid; cellpadding: 5px;\">Officier<\/td><\/tr><tr><td style=\"border: 2px solid; cellpadding: 5px;\">OLOWNIA Fr\u00e9d\u00e9ric<\/td><td style=\"border: 2px solid; cellpadding: 5px;\">\u00a0<\/td><td style=\"border: 2px solid; cellpadding: 5px;\">Officier<\/td><\/tr><\/tbody><\/table><p>N.B. En avril 2014, Georges VANMESSEN est devenu capitaine, en remplacement de Guy BELLEM, retourn\u00e9 au sein du corps des colonels.<br \/>D\u00e9sir\u00e9 LIESENS est depuis lors porte-drapeau tandis que Jean-Fran\u00e7ois DE BLOCK a occup\u00e9 la place devenue vacante dans le peloton.<br \/>Suite \u00e0 la d\u00e9mission d&rsquo;Eric DELTOUR, Karl VAN MESSEM et Eddy ROUVROY ont int\u00e9gr\u00e9 le corps des albastries en ao\u00fbt 2015.<\/p><p>En 2025, Jean-Fran\u00e7ois DE BLOCK est nomm\u00e9 capitaine en remplacement de Georges VANMESSEN appel\u00e9 \u00e0 devenir Colonel.<\/p>\t<\/div>\n\n\t<\/div>\n<!-- \/module box -->\n<!-- .themify_builder .box-4851-0-0-10 Style -->\n<style>\n.themify_builder .box-4851-0-0-10.module-box {\n\ttext-align: justify\n}\n<\/style>\n<!-- End .themify_builder .box-4851-0-0-10 Style -->\n\n\n<!-- module box -->\n<div id=\"box-4851-0-0-11\" class=\"module module-box box-4851-0-0-11 \">\n\t\t\n\t\t\n\t<div class=\"module-box-content ui rounded gradient default  \">\n\t\t<p><img decoding=\"async\" class=\"aligncenter\" src=\"\/wordpress\/wp-content\/uploads\/2017\/02\/014-les-Albastries.jpg\" \/><\/p>\n\t<\/div>\n\n\t<\/div>\n<!-- \/module box -->\n<!-- .themify_builder .box-4851-0-0-11 Style -->\n<style>\n.themify_builder .box-4851-0-0-11.module-box {\n\ttext-align: justify\n}\n<\/style>\n<!-- End .themify_builder .box-4851-0-0-11 Style -->\n\n\t\t\t\t\t\t\t\t\t\n\t\t\t\t\t\t\t\t\t\t\t\t\t\t\t\t\t<\/div>\n\t\t\t\t\t\t\t\t<!-- \/col -->\n\t\t\t\t\t\t  \n\n\t\t\t\t\t\n\t\t\t\t\t\t\t\t\t\t\n\t\t\t\t\t\t\t\t\t\n\t\t\t\t<\/div>\n\t\t\t\t<!-- \/row_inner -->\n\t\t\t<\/div>\n\t\t\t<!-- \/module_row -->\n\t\t\t\n<\/div>\n<!-- \/themify_builder_content -->","protected":false},"excerpt":{"rendered":"<p>Le Corps des Albastries La cr\u00e9ation du peloton des albastries A partir de 2005, la proximit\u00e9 des f\u00eates du 700\u00e8me anniversaire va engendrer une nouvelle dynamique et faire surgir de nouveaux projets.Deux commissions (Cort\u00e8ges et Festivit\u00e9s) voient le jour. La premi\u00e8re, pr\u00e9sid\u00e9e par le major Edmond DE FLINES, va \u00e9laborer deux projets d\u2019envergure qui vont [&hellip;]<\/p>\n","protected":false},"author":1,"featured_media":0,"parent":0,"menu_order":0,"comment_status":"closed","ping_status":"closed","template":"","meta":{"footnotes":""},"class_list":["post-4851","page","type-page","status-publish","hentry"],"_links":{"self":[{"href":"https:\/\/www.arbaletriers.be\/wordpress\/wp-json\/wp\/v2\/pages\/4851"}],"collection":[{"href":"https:\/\/www.arbaletriers.be\/wordpress\/wp-json\/wp\/v2\/pages"}],"about":[{"href":"https:\/\/www.arbaletriers.be\/wordpress\/wp-json\/wp\/v2\/types\/page"}],"author":[{"embeddable":true,"href":"https:\/\/www.arbaletriers.be\/wordpress\/wp-json\/wp\/v2\/users\/1"}],"replies":[{"embeddable":true,"href":"https:\/\/www.arbaletriers.be\/wordpress\/wp-json\/wp\/v2\/comments?post=4851"}],"version-history":[{"count":1,"href":"https:\/\/www.arbaletriers.be\/wordpress\/wp-json\/wp\/v2\/pages\/4851\/revisions"}],"predecessor-version":[{"id":11913,"href":"https:\/\/www.arbaletriers.be\/wordpress\/wp-json\/wp\/v2\/pages\/4851\/revisions\/11913"}],"wp:attachment":[{"href":"https:\/\/www.arbaletriers.be\/wordpress\/wp-json\/wp\/v2\/media?parent=4851"}],"curies":[{"name":"wp","href":"https:\/\/api.w.org\/{rel}","templated":true}]}}